{"id":390,"date":"2016-09-22T10:48:13","date_gmt":"2016-09-22T10:48:13","guid":{"rendered":"http:\/\/cazorla.es\/teatro\/?page_id=390"},"modified":"2022-09-22T06:24:47","modified_gmt":"2022-09-22T06:24:47","slug":"sala","status":"publish","type":"page","link":"https:\/\/cazorla.es\/teatro\/sala\/","title":{"rendered":"Sala"},"content":{"rendered":"<p>[et_pb_section fb_built=\u00bb1&#8243; admin_label=\u00bbsection\u00bb _builder_version=\u00bb3.22&#8243; global_colors_info=\u00bb{}\u00bb][et_pb_row admin_label=\u00bbFila\u00bb _builder_version=\u00bb3.25&#8243; background_size=\u00bbinitial\u00bb background_position=\u00bbtop_left\u00bb background_repeat=\u00bbrepeat\u00bb global_colors_info=\u00bb{}\u00bb][et_pb_column type=\u00bb4_4&#8243; _builder_version=\u00bb3.25&#8243; custom_padding=\u00bb|||\u00bb global_colors_info=\u00bb{}\u00bb custom_padding__hover=\u00bb|||\u00bb][et_pb_text admin_label=\u00bbTexto\u00bb _builder_version=\u00bb4.10.5&#8243; background_size=\u00bbinitial\u00bb background_position=\u00bbtop_left\u00bb background_repeat=\u00bbrepeat\u00bb custom_margin=\u00bb10px|||\u00bb custom_padding=\u00bb5px|||||\u00bb use_border_color=\u00bboff\u00bb border_color=\u00bb#ffffff\u00bb border_style=\u00bbsolid\u00bb global_colors_info=\u00bb{}\u00bb]<\/p>\n<h1 style=\"text-align: center;\"><span style=\"color: #57c3bb;\">Sala: Del 28 de octubre al 04 de diciembre<\/span><\/h1>\n<p>[\/et_pb_text][\/et_pb_column][\/et_pb_row][et_pb_row column_structure=\u00bb1_3,1_3,1_3&#8243; padding_mobile=\u00bboff\u00bb column_padding_mobile=\u00bbon\u00bb admin_label=\u00bbrow\u00bb _builder_version=\u00bb4.10.5&#8243; background_color=\u00bbrgba(0,0,0,0)\u00bb background_size=\u00bbinitial\u00bb background_position=\u00bbtop_left\u00bb background_repeat=\u00bbrepeat\u00bb make_fullwidth=\u00bboff\u00bb use_custom_width=\u00bboff\u00bb width_unit=\u00bbon\u00bb global_colors_info=\u00bb{}\u00bb][et_pb_column type=\u00bb1_3&#8243; _builder_version=\u00bb3.25&#8243; custom_padding=\u00bb|50px||\u00bb global_colors_info=\u00bb{}\u00bb custom_padding__hover=\u00bb|||\u00bb][et_pb_blurb title=\u00bbSala\u00bb image=\u00bbhttp:\/\/cazorla.es\/teatro\/wp-content\/uploads\/2021\/09\/magui-mira-molly-bloom-900&#215;600-1.jpg\u00bb image_max_width=\u00bbnone\u00bb admin_label=\u00bbAnuncio\u00bb module_class=\u00bbimagen_obras\u00bb _builder_version=\u00bb4.10.5&#8243; background_size=\u00bbinitial\u00bb background_position=\u00bbtop_left\u00bb background_repeat=\u00bbrepeat\u00bb text_orientation=\u00bbcenter\u00bb use_border_color=\u00bboff\u00bb border_color=\u00bb#ffffff\u00bb border_style=\u00bbsolid\u00bb global_colors_info=\u00bb{}\u00bb]<\/p>\n<h2 style=\"text-align: center;\"><b>Molly Bloom<\/b><\/h2>\n<h2 style=\"text-align: center;\"><span style=\"color: #808080;\">Mirandez Producciones y Pentaci\u00f3n<\/span><\/h2>\n<h3 style=\"text-align: center;\"><span style=\"color: #57c3bb;\"><strong><span style=\"text-decoration: underline;\">28 de octubre de 2022<\/span><\/strong><\/span><\/h3>\n<h3 style=\"text-align: center;\"><span style=\"color: #808080;\"><strong>21:00 horas <\/strong><\/span><\/h3>\n<h3 style=\"text-align: center;\"><span style=\"color: #808080;\"><strong>Teatro de La Merced<\/strong><\/span><\/h3>\n<h6 style=\"text-align: center;\"><span style=\"color: #8300e9;\"><a style=\"color: #8300e9;\" href=\"http:\/\/cazorla.es\/teatro\/alfonsina\/\" target=\"_blank\" rel=\"noopener noreferrer\"><strong><span style=\"text-decoration: underline;\">M\u00e1s Informaci\u00f3n<\/span><\/strong><\/a><\/span><\/h6>\n<p>[\/et_pb_blurb][\/et_pb_column][et_pb_column type=\u00bb1_3&#8243; _builder_version=\u00bb3.25&#8243; custom_padding=\u00bb|50px||\u00bb global_colors_info=\u00bb{}\u00bb custom_padding__hover=\u00bb|||\u00bb][et_pb_blurb title=\u00bbSala\u00bb image=\u00bbhttp:\/\/cazorla.es\/teatro\/wp-content\/uploads\/2021\/09\/SilencioEscenaEspanol_1539-CJavier-Mantrana.jpg\u00bb image_max_width=\u00bbnone\u00bb admin_label=\u00bbAnuncio\u00bb module_class=\u00bbimagen_obras\u00bb _builder_version=\u00bb4.10.5&#8243; background_size=\u00bbinitial\u00bb background_position=\u00bbtop_left\u00bb background_repeat=\u00bbrepeat\u00bb text_orientation=\u00bbcenter\u00bb use_border_color=\u00bboff\u00bb border_color=\u00bb#ffffff\u00bb border_style=\u00bbsolid\u00bb global_colors_info=\u00bb{}\u00bb]<\/p>\n<h2 style=\"text-align: center;\"><b>Silencio<\/b><\/h2>\n<h2 style=\"text-align: center;\"><span color=\"#808080\" style=\"color: #808080;\"><b>Avance Producciones Teatrales<\/b><\/span><\/h2>\n<h2 style=\"text-align: center;\"><span style=\"text-decoration: underline; font-size: large; color: #57c3bb;\"><strong>4 de noviembre de 2022<\/strong><\/span><\/h2>\n<h2 style=\"text-align: center;\"><b style=\"color: rgba(255, 255, 255, 0); font-size: 20px;\"><u><span style=\"color: rgba(131, 0, 233, 0);\">\u00a0<\/span><\/u><\/b><strong style=\"color: #808080; font-size: 20px;\">21:00 horas<\/strong><\/h2>\n<h3 style=\"text-align: center;\"><span style=\"color: #808080;\"><strong>Teatro de La Merced<\/strong><\/span><\/h3>\n<h6 style=\"text-align: center;\"><span style=\"color: #8300e9;\"><a style=\"color: #8300e9;\" href=\"http:\/\/cazorla.es\/teatro\/plancher\/\" target=\"_blank\" rel=\"noopener noreferrer\"><strong><span style=\"text-decoration: underline;\">M\u00e1s Informaci\u00f3n<\/span><\/strong><\/a><\/span><\/h6>\n<p>[\/et_pb_blurb][\/et_pb_column][et_pb_column type=\u00bb1_3&#8243; _builder_version=\u00bb4.10.5&#8243; _module_preset=\u00bbdefault\u00bb global_colors_info=\u00bb{}\u00bb][et_pb_blurb title=\u00bbSala\u00bb image=\u00bbhttp:\/\/cazorla.es\/teatro\/wp-content\/uploads\/2021\/09\/LA_PANADERA-3-ph_Luz_Soria-alta-5919-scaled.jpg\u00bb admin_label=\u00bbAnuncio\u00bb module_class=\u00bbimagen_obras\u00bb _builder_version=\u00bb4.10.5&#8243; background_size=\u00bbinitial\u00bb background_position=\u00bbtop_left\u00bb background_repeat=\u00bbrepeat\u00bb text_orientation=\u00bbcenter\u00bb width=\u00bb93%\u00bb max_width=\u00bb100%\u00bb use_border_color=\u00bboff\u00bb border_color=\u00bb#ffffff\u00bb border_style=\u00bbsolid\u00bb global_colors_info=\u00bb{}\u00bb]<\/p>\n<h2 style=\"text-align: center;\"><span color=\"#f93fb0\" style=\"color: #e25527;\"><b>La Panadera<\/b><\/span><\/h2>\n<h2 style=\"text-align: center;\"><span color=\"#808080\" style=\"color: #808080;\"><b>Acafrao Producciones<\/b><\/span><\/h2>\n<h2 style=\"text-align: center;\"><span style=\"text-decoration: underline; font-size: large; color: #57c3bb;\"><strong>11 de noviembre de 2022<\/strong><\/span><\/h2>\n<h2 style=\"text-align: center;\"><b style=\"color: rgba(255, 255, 255, 0); font-size: 20px;\"><u><span style=\"color: rgba(131, 0, 233, 0);\">2<\/span><\/u><\/b><strong style=\"color: #808080; font-size: 20px;\">21:00 horas<\/strong><\/h2>\n<h3 style=\"text-align: center;\"><span style=\"color: #808080;\"><strong>Teatro de La Merced<\/strong><\/span><\/h3>\n<h6 style=\"text-align: center;\"><span style=\"color: #8300e9;\"><a style=\"color: #8300e9;\" href=\"http:\/\/cazorla.es\/teatro\/turing\/\" target=\"_blank\" rel=\"noopener noreferrer\"><strong><span style=\"text-decoration: underline;\">M\u00e1s Informaci\u00f3n<\/span><\/strong><\/a><\/span><\/h6>\n<p>[\/et_pb_blurb][\/et_pb_column][\/et_pb_row][et_pb_row column_structure=\u00bb1_3,1_3,1_3&#8243; _builder_version=\u00bb4.10.5&#8243; _module_preset=\u00bbdefault\u00bb global_colors_info=\u00bb{}\u00bb][et_pb_column type=\u00bb1_3&#8243; _builder_version=\u00bb4.6.4&#8243; _module_preset=\u00bbdefault\u00bb global_colors_info=\u00bb{}\u00bb][et_pb_blurb title=\u00bbSala\u00bb image=\u00bbhttp:\/\/cazorla.es\/teatro\/wp-content\/uploads\/2021\/09\/Errritu-Kukai-dantza-y-Sahron-Fridman-1.jpg\u00bb image_max_width=\u00bb93%\u00bb admin_label=\u00bbAnuncio\u00bb _builder_version=\u00bb4.10.5&#8243; background_size=\u00bbinitial\u00bb background_position=\u00bbtop_left\u00bb background_repeat=\u00bbrepeat\u00bb text_orientation=\u00bbcenter\u00bb use_border_color=\u00bboff\u00bb border_color=\u00bb#ffffff\u00bb border_style=\u00bbsolid\u00bb global_colors_info=\u00bb{}\u00bb]<\/p>\n<h2 style=\"text-align: center;\"><span color=\"#f93fb0\" style=\"color: #e25527;\"><b>Erritu<\/b><\/span><\/h2>\n<h2 style=\"text-align: center;\"><span style=\"color: #808080;\"><strong>Kukai Kultur Elkartea<\/strong><\/span><\/h2>\n<h3 style=\"text-align: center;\"><span style=\"color: #57c3bb;\"><strong><span style=\"text-decoration: underline;\">18 de noviembre de 2022<\/span><\/strong><\/span><\/h3>\n<h3 style=\"text-align: center;\"><span style=\"color: #808080;\"><strong>\u00a021:00 horas <\/strong><\/span><\/h3>\n<h3 style=\"text-align: center;\"><span style=\"color: #808080;\"><strong>Teatro de La Merced<\/strong><\/span><\/h3>\n<h6 style=\"text-align: center;\"><span style=\"color: #f93fb0;\"><a style=\"color: #f93fb0;\" href=\"http:\/\/cazorla.es\/teatro\/zaranda\/\" target=\"_blank\" rel=\"noopener noreferrer\"><strong><span style=\"text-decoration: underline;\"><span style=\"color: #8300e9; text-decoration: underline;\">M\u00e1s Informaci\u00f3n<\/span><\/span><\/strong><\/a><\/span><\/h6>\n<p>[\/et_pb_blurb][\/et_pb_column][et_pb_column type=\u00bb1_3&#8243; _builder_version=\u00bb4.10.5&#8243; _module_preset=\u00bbdefault\u00bb global_colors_info=\u00bb{}\u00bb][et_pb_blurb title=\u00bbSala\u00bb image=\u00bbhttp:\/\/cazorla.es\/teatro\/wp-content\/uploads\/2021\/09\/aristo7.jpg\u00bb image_max_width=\u00bb93%\u00bb admin_label=\u00bbAnuncio\u00bb _builder_version=\u00bb4.10.5&#8243; background_size=\u00bbinitial\u00bb background_position=\u00bbtop_left\u00bb background_repeat=\u00bbrepeat\u00bb text_orientation=\u00bbcenter\u00bb use_border_color=\u00bboff\u00bb border_color=\u00bb#ffffff\u00bb border_style=\u00bbsolid\u00bb global_colors_info=\u00bb{}\u00bb]<\/p>\n<h2 style=\"text-align: center;\"><b>\u00a1Que salga Arist\u00f3fanes!<\/b><\/h2>\n<h2 style=\"text-align: center;\"><span color=\"#808080\" style=\"color: #808080;\"><b>Els Joglars<\/b><\/span><\/h2>\n<h3 style=\"text-align: center;\"><span style=\"color: #57c3bb;\"><strong><span style=\"text-decoration: underline;\">27 de noviembre de 2022<\/span><\/strong><\/span><\/h3>\n<h3 style=\"text-align: center;\"><span style=\"color: #808080;\"><strong>21:00 horas <\/strong><\/span><\/h3>\n<h3 style=\"text-align: center;\"><span style=\"color: #808080;\"><strong>Teatro de La Merced<\/strong><\/span><\/h3>\n<h6 style=\"text-align: center;\"><span style=\"color: #f93fb0;\"><a style=\"color: #f93fb0;\" href=\"http:\/\/cazorla.es\/teatro\/plumas\/\" target=\"_blank\" rel=\"noopener noreferrer\"><strong><span style=\"text-decoration: underline;\"><span style=\"color: #8300e9; text-decoration: underline;\">M\u00e1s Informaci\u00f3n<\/span><\/span><\/strong><\/a><\/span><\/h6>\n<p>[\/et_pb_blurb][\/et_pb_column][et_pb_column type=\u00bb1_3&#8243; _builder_version=\u00bb4.10.5&#8243; _module_preset=\u00bbdefault\u00bb global_colors_info=\u00bb{}\u00bb][et_pb_blurb title=\u00bbSala\u00bb image=\u00bbhttp:\/\/cazorla.es\/teatro\/wp-content\/uploads\/2021\/09\/GUERRERO-FELIX-VAZQUEZ-27-scaled.jpg\u00bb image_max_width=\u00bbnone\u00bb admin_label=\u00bbAnuncio\u00bb module_class=\u00bbimagen_obras\u00bb _builder_version=\u00bb4.10.5&#8243; background_size=\u00bbinitial\u00bb background_position=\u00bbtop_left\u00bb background_repeat=\u00bbrepeat\u00bb text_orientation=\u00bbcenter\u00bb use_border_color=\u00bboff\u00bb border_color=\u00bb#ffffff\u00bb border_style=\u00bbsolid\u00bb global_colors_info=\u00bb{}\u00bb]<\/p>\n<h2 style=\"text-align: center;\"><b>Guerrero<\/b><\/h2>\n<h2 style=\"text-align: center;\"><span color=\"#808080\" style=\"color: #808080;\"><b>Eduardo Guerrero<\/b><\/span><\/h2>\n<h2 style=\"text-align: center;\"><span style=\"text-decoration: underline; font-size: large; color: #57c3bb;\"><strong>2 de diciembre de 2022<\/strong><\/span><\/h2>\n<p><span style=\"text-decoration: underline; font-size: large; color: #57c3bb;\"><strong><\/strong><\/span><\/p>\n<h2 style=\"text-align: center;\"><b style=\"color: rgba(255, 255, 255, 0); font-size: 20px;\"><u><span style=\"color: rgba(131, 0, 233, 0);\">\u00a0<\/span><\/u><\/b><strong style=\"color: #808080; font-size: 20px;\">21:00 horas<\/strong><\/h2>\n<h3 style=\"text-align: center;\"><span style=\"color: #808080;\"><strong>\u00a0Teatro de La Merced<\/strong><\/span><\/h3>\n<h6 style=\"text-align: center;\"><span style=\"color: #8300e9;\"><a style=\"color: #8300e9;\" href=\"http:\/\/cazorla.es\/teatro\/yerma\/\" target=\"_blank\" rel=\"noopener noreferrer\"><strong><span style=\"text-decoration: underline;\">M\u00e1s Informaci\u00f3n<\/span><\/strong><\/a><\/span><\/h6>\n<p>[\/et_pb_blurb][\/et_pb_column][\/et_pb_row][et_pb_row admin_label=\u00bbFila\u00bb _builder_version=\u00bb3.25&#8243; background_size=\u00bbinitial\u00bb background_position=\u00bbtop_left\u00bb background_repeat=\u00bbrepeat\u00bb global_colors_info=\u00bb{}\u00bb][et_pb_column type=\u00bb4_4&#8243; _builder_version=\u00bb3.25&#8243; custom_padding=\u00bb|||\u00bb global_colors_info=\u00bb{}\u00bb custom_padding__hover=\u00bb|||\u00bb][et_pb_image title_text=\u00bbFald\u00f3n-HD2020&#8243; align=\u00bbcenter\u00bb align_tablet=\u00bbcenter\u00bb align_phone=\u00bb\u00bb align_last_edited=\u00bbon|desktop\u00bb admin_label=\u00bbImagen\u00bb _builder_version=\u00bb4.10.5&#8243; animation_style=\u00bbfade\u00bb animation_duration=\u00bb500ms\u00bb hover_enabled=\u00bb0&#8243; use_border_color=\u00bboff\u00bb border_color=\u00bb#ffffff\u00bb border_style=\u00bbsolid\u00bb sticky=\u00bboff\u00bb always_center_on_mobile=\u00bbon\u00bb global_colors_info=\u00bb{}\u00bb sticky_enabled=\u00bb0&#8243; src=\u00bbhttp:\/\/cazorla.es\/teatro\/wp-content\/uploads\/2020\/09\/Faldon-HD2020-scaled.jpg\u00bb] [\/et_pb_image][\/et_pb_column][\/et_pb_row][\/et_pb_section]<\/p>\n","protected":false},"excerpt":{"rendered":"<p>Sala: Del 28 de octubre al 04 de diciembreMolly Bloom Mirandez Producciones y Pentaci\u00f3n 28 de octubre de 2022 21:00 horas Teatro de La Merced M\u00e1s Informaci\u00f3nSilencio Avance Producciones Teatrales 4 de noviembre de 2022 \u00a021:00 horas Teatro de La Merced M\u00e1s Informaci\u00f3nLa Panadera Acafrao Producciones 11 de noviembre de 2022 221:00 horas Teatro de [&hellip;]<\/p>\n","protected":false},"author":2,"featured_media":0,"parent":0,"menu_order":0,"comment_status":"closed","ping_status":"closed","template":"","meta":{"_et_pb_use_builder":"on","_et_pb_old_content":"","_et_gb_content_width":"","footnotes":""},"_links":{"self":[{"href":"https:\/\/cazorla.es\/teatro\/wp-json\/wp\/v2\/pages\/390"}],"collection":[{"href":"https:\/\/cazorla.es\/teatro\/wp-json\/wp\/v2\/pages"}],"about":[{"href":"https:\/\/cazorla.es\/teatro\/wp-json\/wp\/v2\/types\/page"}],"author":[{"embeddable":true,"href":"https:\/\/cazorla.es\/teatro\/wp-json\/wp\/v2\/users\/2"}],"replies":[{"embeddable":true,"href":"https:\/\/cazorla.es\/teatro\/wp-json\/wp\/v2\/comments?post=390"}],"version-history":[{"count":114,"href":"https:\/\/cazorla.es\/teatro\/wp-json\/wp\/v2\/pages\/390\/revisions"}],"predecessor-version":[{"id":2888,"href":"https:\/\/cazorla.es\/teatro\/wp-json\/wp\/v2\/pages\/390\/revisions\/2888"}],"wp:attachment":[{"href":"https:\/\/cazorla.es\/teatro\/wp-json\/wp\/v2\/media?parent=390"}],"curies":[{"name":"wp","href":"https:\/\/api.w.org\/{rel}","templated":true}]}}