{"id":1343,"date":"2017-11-23T11:25:08","date_gmt":"2017-11-23T11:25:08","guid":{"rendered":"http:\/\/cazorla.es\/turismo\/?page_id=1343"},"modified":"2024-02-02T12:02:10","modified_gmt":"2024-02-02T12:02:10","slug":"monasterio-de-montesion","status":"publish","type":"page","link":"https:\/\/cazorla.es\/turismo\/monasterio-de-montesion\/","title":{"rendered":"Montesi\u00f3n"},"content":{"rendered":"<p>[et_pb_section fb_built=\u00bb1&#8243; admin_label=\u00bbsection\u00bb _builder_version=\u00bb4.16&#8243; global_colors_info=\u00bb{}\u00bb][et_pb_row admin_label=\u00bbrow\u00bb _builder_version=\u00bb4.16&#8243; background_size=\u00bbinitial\u00bb background_position=\u00bbtop_left\u00bb background_repeat=\u00bbrepeat\u00bb global_colors_info=\u00bb{}\u00bb][et_pb_column type=\u00bb4_4&#8243; _builder_version=\u00bb4.16&#8243; custom_padding=\u00bb|||\u00bb global_colors_info=\u00bb{}\u00bb custom_padding__hover=\u00bb|||\u00bb][et_pb_text admin_label=\u00bbTexto\u00bb _builder_version=\u00bb4.16&#8243; background_size=\u00bbinitial\u00bb background_position=\u00bbtop_left\u00bb background_repeat=\u00bbrepeat\u00bb use_border_color=\u00bboff\u00bb border_color=\u00bb#ffffff\u00bb border_style=\u00bbsolid\u00bb global_colors_info=\u00bb{}\u00bb]<\/p>\n<h1> Monasterio de Montesi\u00f3n <\/h1>\n<p>[\/et_pb_text][\/et_pb_column][\/et_pb_row][et_pb_row column_structure=\u00bb1_2,1_2&#8243; admin_label=\u00bbFila\u00bb _builder_version=\u00bb4.16&#8243; background_size=\u00bbinitial\u00bb background_position=\u00bbtop_left\u00bb background_repeat=\u00bbrepeat\u00bb global_colors_info=\u00bb{}\u00bb][et_pb_column type=\u00bb1_2&#8243; _builder_version=\u00bb4.16&#8243; custom_padding=\u00bb|||\u00bb global_colors_info=\u00bb{}\u00bb custom_padding__hover=\u00bb|||\u00bb][et_pb_text admin_label=\u00bbTexto\u00bb _builder_version=\u00bb4.16&#8243; background_size=\u00bbinitial\u00bb background_position=\u00bbtop_left\u00bb background_repeat=\u00bbrepeat\u00bb use_border_color=\u00bboff\u00bb border_color=\u00bb#ffffff\u00bb border_style=\u00bbsolid\u00bb global_colors_info=\u00bb{}\u00bb]<\/p>\n<p class=\"lead\">Se ubica a unos tres kil\u00f3metros de Cazorla, por el camino de San Isicio, bordeando y ascendiendo la vertiente norte del cerro de Salvatierra. Se accede a esta construcci\u00f3n de manera casi inesperada, al estar resguardada detr\u00e1s de unos cortados de piedra que lo a\u00edslan de los aires del norte, presentando la magnifica construcci\u00f3n sus paramentos hacia el sur y el oeste. <\/p>\n<p class=\"lead\">Su nombre religioso es el de Desierto de Montesi\u00f3n tal y como denomina la orden de ermita\u00f1os de San Antonio y San Pablo, a estos lugares. Fue fundado, seg\u00fan reza su placa de fundaci\u00f3n, por San Juli\u00e1n Ferrer, despu\u00e9s de aparec\u00e9rsele la Virgen Mar\u00eda en una cueva al lado de la capilla. Su construcci\u00f3n es bastante desigual en calidad y terminaci\u00f3n, destacando sobre todo la parte sur, donde se encuentra la capilla. El resto ha sufrido considerables remodelaciones, sobretodo a partir de la desamortizaci\u00f3n de Mendiz\u00e1bal, y \u00faltimamente, a partir de los a\u00f1os setenta, con la vuelta de los hermanos ermita\u00f1os que acondicionaron algunas de sus partes. <\/p>\n<p>[\/et_pb_text][\/et_pb_column][et_pb_column type=\u00bb1_2&#8243; _builder_version=\u00bb4.16&#8243; custom_padding=\u00bb|||\u00bb global_colors_info=\u00bb{}\u00bb custom_padding__hover=\u00bb|||\u00bb][et_pb_image src=\u00bbhttp:\/\/cazorla.es\/turismo\/wp-content\/uploads\/2017\/11\/montesion.jpg\u00bb align_tablet=\u00bbcenter\u00bb align_phone=\u00bbcenter\u00bb align_last_edited=\u00bbon|desktop\u00bb admin_label=\u00bbImagen\u00bb _builder_version=\u00bb4.16&#8243; animation_style=\u00bbslide\u00bb animation_direction=\u00bbleft\u00bb animation_duration=\u00bb500ms\u00bb animation_intensity_slide=\u00bb10%\u00bb use_border_color=\u00bboff\u00bb border_color=\u00bb#ffffff\u00bb border_style=\u00bbsolid\u00bb animation=\u00bbleft\u00bb sticky=\u00bboff\u00bb always_center_on_mobile=\u00bbon\u00bb global_colors_info=\u00bb{}\u00bb][\/et_pb_image][\/et_pb_column][\/et_pb_row][et_pb_row column_structure=\u00bb1_2,1_2&#8243; admin_label=\u00bbFila\u00bb _builder_version=\u00bb4.16&#8243; background_size=\u00bbinitial\u00bb background_position=\u00bbtop_left\u00bb background_repeat=\u00bbrepeat\u00bb global_colors_info=\u00bb{}\u00bb][et_pb_column type=\u00bb1_2&#8243; _builder_version=\u00bb4.16&#8243; custom_padding=\u00bb|||\u00bb global_colors_info=\u00bb{}\u00bb custom_padding__hover=\u00bb|||\u00bb][et_pb_image src=\u00bbhttp:\/\/cazorla.es\/turismo\/wp-content\/uploads\/2017\/11\/montesion2.jpg\u00bb align_tablet=\u00bbcenter\u00bb align_phone=\u00bbcenter\u00bb align_last_edited=\u00bbon|desktop\u00bb admin_label=\u00bbImagen\u00bb _builder_version=\u00bb4.16&#8243; animation_style=\u00bbslide\u00bb animation_direction=\u00bbleft\u00bb animation_duration=\u00bb500ms\u00bb animation_intensity_slide=\u00bb10%\u00bb use_border_color=\u00bboff\u00bb border_color=\u00bb#ffffff\u00bb border_style=\u00bbsolid\u00bb animation=\u00bbleft\u00bb sticky=\u00bboff\u00bb always_center_on_mobile=\u00bbon\u00bb global_colors_info=\u00bb{}\u00bb][\/et_pb_image][\/et_pb_column][et_pb_column type=\u00bb1_2&#8243; _builder_version=\u00bb4.16&#8243; custom_padding=\u00bb|||\u00bb global_colors_info=\u00bb{}\u00bb custom_padding__hover=\u00bb|||\u00bb][et_pb_text admin_label=\u00bbTexto\u00bb _builder_version=\u00bb4.16&#8243; background_size=\u00bbinitial\u00bb background_position=\u00bbtop_left\u00bb background_repeat=\u00bbrepeat\u00bb use_border_color=\u00bboff\u00bb border_color=\u00bb#ffffff\u00bb border_style=\u00bbsolid\u00bb global_colors_info=\u00bb{}\u00bb]<\/p>\n<p class=\"lead\">La zona m\u00e1s interesante arquitect\u00f3nicamente es la de la capilla del monasterio. Es peque\u00f1a, de planta rectangular o de \u00absal\u00f3n\u00bb con tres naves originalmente, modificada con posterioridad hacia una planta de cruz latina de una sola nave.<br \/>\n La nave principal esta cubierta con b\u00f3veda de medio ca\u00f1\u00f3n, las dos laterales de crucer\u00eda y en el centro, una magnifica c\u00fapula sostenida sobre trompas. Todo el conjunto con unas proporciones muy equilibradas. A la entrada presenta un coro, a\u00f1adido de \u00e9poca posterior. <\/p>\n<p class=\"lead\">En su d\u00eda, esta capilla cont\u00f3 con un retablo barroco, que desapareci\u00f3 durante la guerra civil, sin embargo se conservan pinturas al fresco en sus b\u00f3vedas, especialmente las de la c\u00fapula, con retratos de otros tantos santos ermita\u00f1os y letanias marianas en los gallones de su cupula.<br \/>\nEn las pinturas de las naves del crucero, se observa escenas y s\u00edmbolos que tienen que ver con la pasi\u00f3n de Cristo, adornadas con otras representaciones animalisticas y figurativas de variada \u00edndole. <\/p>\n<p>[\/et_pb_text][\/et_pb_column][\/et_pb_row][et_pb_row column_structure=\u00bb1_2,1_2&#8243; admin_label=\u00bbFila\u00bb _builder_version=\u00bb4.16&#8243; background_size=\u00bbinitial\u00bb background_position=\u00bbtop_left\u00bb background_repeat=\u00bbrepeat\u00bb global_colors_info=\u00bb{}\u00bb][et_pb_column type=\u00bb1_2&#8243; _builder_version=\u00bb4.16&#8243; custom_padding=\u00bb|||\u00bb global_colors_info=\u00bb{}\u00bb custom_padding__hover=\u00bb|||\u00bb][et_pb_text admin_label=\u00bbTexto\u00bb _builder_version=\u00bb4.16&#8243; background_size=\u00bbinitial\u00bb background_position=\u00bbtop_left\u00bb background_repeat=\u00bbrepeat\u00bb use_border_color=\u00bboff\u00bb border_color=\u00bb#ffffff\u00bb border_style=\u00bbsolid\u00bb global_colors_info=\u00bb{}\u00bb]<\/p>\n<p class=\"lead\">Las pinturas de la nave principal son de otra \u00abmano\u00bb, es decir, debieron ser bastante posteriores en el tiempo, ya que tanto los pigmentos como el trazo, dista mucho de la calidad de las anteriores.\n<\/p>\n<p class=\"lead\">En la fachada sur de la capilla, hoy d\u00eda bastante fuera de la vista, hay una portada con un espl\u00e9ndido arco de medio punto, con una canter\u00eda muy sobria, que posteriormente fue cegada, para construir la cripta actual. <\/p>\n<p class=\"lead\">El resto del edificio, aunque arquitect\u00f3nicamente no es tan importante, si lo es para comprender la forma de vida de estos ermita\u00f1os, sus carencias y austeridad, todo ello con una disposici\u00f3n de estancias desarrolladas a partir de la capilla y adapt\u00e1ndose a la topograf\u00eda del lugar. La belleza de estos espacios radica en su simplicidad, recogimiento y carentes de cualquier comodidad, que hacen de esta construcci\u00f3n, un lugar donde todav\u00eda podemos imaginarnos las formas de vida de hace unos siglos. <\/p>\n<p>[\/et_pb_text][\/et_pb_column][et_pb_column type=\u00bb1_2&#8243; _builder_version=\u00bb4.16&#8243; custom_padding=\u00bb|||\u00bb global_colors_info=\u00bb{}\u00bb custom_padding__hover=\u00bb|||\u00bb][et_pb_image src=\u00bbhttp:\/\/cazorla.es\/turismo\/wp-content\/uploads\/2017\/11\/montesion-1.jpg\u00bb align_tablet=\u00bbcenter\u00bb align_phone=\u00bbcenter\u00bb align_last_edited=\u00bbon|desktop\u00bb admin_label=\u00bbImagen\u00bb _builder_version=\u00bb4.16&#8243; animation_style=\u00bbslide\u00bb animation_direction=\u00bbleft\u00bb animation_duration=\u00bb500ms\u00bb animation_intensity_slide=\u00bb10%\u00bb use_border_color=\u00bboff\u00bb border_color=\u00bb#ffffff\u00bb border_style=\u00bbsolid\u00bb animation=\u00bbleft\u00bb sticky=\u00bboff\u00bb always_center_on_mobile=\u00bbon\u00bb global_colors_info=\u00bb{}\u00bb][\/et_pb_image][\/et_pb_column][\/et_pb_row][et_pb_row column_structure=\u00bb1_2,1_2&#8243; admin_label=\u00bbFila\u00bb _builder_version=\u00bb4.16&#8243; background_size=\u00bbinitial\u00bb background_position=\u00bbtop_left\u00bb background_repeat=\u00bbrepeat\u00bb global_colors_info=\u00bb{}\u00bb][et_pb_column type=\u00bb1_2&#8243; _builder_version=\u00bb4.16&#8243; custom_padding=\u00bb|||\u00bb global_colors_info=\u00bb{}\u00bb custom_padding__hover=\u00bb|||\u00bb][et_pb_image src=\u00bbhttp:\/\/cazorla.es\/turismo\/wp-content\/uploads\/2017\/11\/montesion2.jpg\u00bb align_tablet=\u00bbcenter\u00bb align_phone=\u00bbcenter\u00bb align_last_edited=\u00bbon|desktop\u00bb admin_label=\u00bbImagen\u00bb _builder_version=\u00bb4.16&#8243; animation_style=\u00bbslide\u00bb animation_direction=\u00bbleft\u00bb animation_duration=\u00bb500ms\u00bb animation_intensity_slide=\u00bb10%\u00bb use_border_color=\u00bboff\u00bb border_color=\u00bb#ffffff\u00bb border_style=\u00bbsolid\u00bb animation=\u00bbleft\u00bb sticky=\u00bboff\u00bb always_center_on_mobile=\u00bbon\u00bb global_colors_info=\u00bb{}\u00bb][\/et_pb_image][\/et_pb_column][et_pb_column type=\u00bb1_2&#8243; _builder_version=\u00bb4.16&#8243; custom_padding=\u00bb|||\u00bb global_colors_info=\u00bb{}\u00bb custom_padding__hover=\u00bb|||\u00bb][et_pb_text admin_label=\u00bbTexto\u00bb _builder_version=\u00bb4.16&#8243; background_size=\u00bbinitial\u00bb background_position=\u00bbtop_left\u00bb background_repeat=\u00bbrepeat\u00bb use_border_color=\u00bboff\u00bb border_color=\u00bb#ffffff\u00bb border_style=\u00bbsolid\u00bb global_colors_info=\u00bb{}\u00bb]<\/p>\n<p class=\"lead\">En los \u00faltimos a\u00f1os, este edificio fue habitado por un hermano de la orden (hermano Antonio) que perpetu\u00f3 la rutina diaria de la oraci\u00f3n y el recogimiento. El hermano Antonio falleci\u00f3 el 4 de diciembre de 2023, siendo el \u00faltimo miembro de la orden de San Antonio y San Pablo.<br \/>El monasterio no debi\u00f3 de construirse en su totalidad, tuvo diferentes fases, quiz\u00e1s sus or\u00edgenes sean de finales del siglo XVI, aunque su fundaci\u00f3n es de 1625 en pleno apogeo del movimiento monacal en Espa\u00f1a, despu\u00e9s de la contrarreforma.<br \/>Todos los a\u00f1os, en el ultimo domingo de Septiembre, se realiza la Romer\u00eda de la Virgen de Montesi\u00f3n que es paseada por los alrededores del monasterio.<\/p>\n<p>[\/et_pb_text][\/et_pb_column][\/et_pb_row][et_pb_row _builder_version=\u00bb4.24.0&#8243; _module_preset=\u00bbdefault\u00bb global_colors_info=\u00bb{}\u00bb][et_pb_column type=\u00bb4_4&#8243; _builder_version=\u00bb4.24.0&#8243; _module_preset=\u00bbdefault\u00bb global_colors_info=\u00bb{}\u00bb][et_pb_button button_url=\u00bbhttps:\/\/s3.eu-west-3.amazonaws.com\/360.paranormalurbex3.blogspot.com\/test2\/Monasterio+de+Montesi%C3%B3n\/index.html\u00bb url_new_window=\u00bbon\u00bb button_text=\u00bbPulsa en este bot\u00f3n para adentrarte en una vista \u00fanica del Monasterio de Montesi\u00f3n\u00bb button_alignment=\u00bbcenter\u00bb _builder_version=\u00bb4.24.0&#8243; _module_preset=\u00bbdefault\u00bb animation_style=\u00bbfade\u00bb global_colors_info=\u00bb{}\u00bb][\/et_pb_button][\/et_pb_column][\/et_pb_row][et_pb_row _builder_version=\u00bb4.24.0&#8243; _module_preset=\u00bbdefault\u00bb][et_pb_column _builder_version=\u00bb4.24.0&#8243; _module_preset=\u00bbdefault\u00bb type=\u00bb4_4&#8243;][et_pb_text _builder_version=\u00bb4.24.0&#8243; _module_preset=\u00bbdefault\u00bb hover_enabled=\u00bb0&#8243; sticky_enabled=\u00bb0&#8243;]<\/p>\n<p style=\"text-align: center;\">Visita virtual realizada por cortes\u00eda de PARANORMAL URBEX<\/p>\n<p>[\/et_pb_text][\/et_pb_column][\/et_pb_row][\/et_pb_section][et_pb_section fb_built=\u00bb1&#8243; admin_label=\u00bbSecci\u00f3n\u00bb _builder_version=\u00bb4.16&#8243; global_colors_info=\u00bb{}\u00bb][et_pb_row admin_label=\u00bbFila\u00bb _builder_version=\u00bb4.16&#8243; background_size=\u00bbinitial\u00bb background_position=\u00bbtop_left\u00bb background_repeat=\u00bbrepeat\u00bb global_colors_info=\u00bb{}\u00bb][et_pb_column type=\u00bb4_4&#8243; _builder_version=\u00bb4.16&#8243; custom_padding=\u00bb|||\u00bb global_colors_info=\u00bb{}\u00bb custom_padding__hover=\u00bb|||\u00bb][et_pb_video src=\u00bbhttps:\/\/www.youtube.com\/watch?v=KxCNXGOpE2E\u00bb admin_label=\u00bbV\u00eddeo\u00bb _builder_version=\u00bb4.16&#8243; global_colors_info=\u00bb{}\u00bb][\/et_pb_video][\/et_pb_column][\/et_pb_row][\/et_pb_section]<\/p>\n","protected":false},"excerpt":{"rendered":"<p>Monasterio de Montesi\u00f3n Se ubica a unos tres kil\u00f3metros de Cazorla, por el camino de San Isicio, bordeando y ascendiendo la vertiente norte del cerro de Salvatierra. Se accede a [&hellip;]<\/p>\n","protected":false},"author":2,"featured_media":0,"parent":0,"menu_order":0,"comment_status":"closed","ping_status":"closed","template":"","meta":{"_et_pb_use_builder":"on","_et_pb_old_content":"","_et_gb_content_width":"","footnotes":""},"class_list":["post-1343","page","type-page","status-publish","hentry"],"_links":{"self":[{"href":"https:\/\/cazorla.es\/turismo\/wp-json\/wp\/v2\/pages\/1343","targetHints":{"allow":["GET"]}}],"collection":[{"href":"https:\/\/cazorla.es\/turismo\/wp-json\/wp\/v2\/pages"}],"about":[{"href":"https:\/\/cazorla.es\/turismo\/wp-json\/wp\/v2\/types\/page"}],"author":[{"embeddable":true,"href":"https:\/\/cazorla.es\/turismo\/wp-json\/wp\/v2\/users\/2"}],"replies":[{"embeddable":true,"href":"https:\/\/cazorla.es\/turismo\/wp-json\/wp\/v2\/comments?post=1343"}],"version-history":[{"count":8,"href":"https:\/\/cazorla.es\/turismo\/wp-json\/wp\/v2\/pages\/1343\/revisions"}],"predecessor-version":[{"id":5129,"href":"https:\/\/cazorla.es\/turismo\/wp-json\/wp\/v2\/pages\/1343\/revisions\/5129"}],"wp:attachment":[{"href":"https:\/\/cazorla.es\/turismo\/wp-json\/wp\/v2\/media?parent=1343"}],"curies":[{"name":"wp","href":"https:\/\/api.w.org\/{rel}","templated":true}]}}